{"id":970,"date":"2019-09-14T18:38:48","date_gmt":"2019-09-14T16:38:48","guid":{"rendered":"https:\/\/www.rijstaldeblinkert.nl\/rijstal-de-blinkert\/?page_id=970"},"modified":"2020-09-14T15:27:18","modified_gmt":"2020-09-14T13:27:18","slug":"mit-dem-eigenen-pferd-nach-ameland","status":"publish","type":"page","link":"https:\/\/www.rijstaldeblinkert.nl\/rijstal-de-blinkert\/de\/mit-dem-eigenen-pferd-nach-ameland\/","title":{"rendered":"Mit eigenem Pferd nach Ameland?"},"content":{"rendered":"<p>Wollen Sie Ihr eigenes Pferd und\/oder Pony mit nach Ameland nehmen?<\/p>\n<p>In den Sommermonaten bieten wir <u>Pensionstallung<\/u> an.<\/p>\n<p><a href=\"https:\/\/www.rijstaldeblinkert.nl\/rijstal-de-blinkert\/de\/kontaktformular-2\/\">Erkundigen Sie<\/a> sich nach den M\u00f6glichkeiten.<\/p>\n<p><a href=\"http:\/\/www.rijstaldeblinkert.nl\/wp-content\/uploads\/2018\/09\/Vakantiestaling-pensionstalling-rijstal-de-blinkert.jpg\"><img loading=\"lazy\" decoding=\"async\" class=\"alignnone wp-image-460 size-large\" src=\"http:\/\/www.rijstaldeblinkert.nl\/wp-content\/uploads\/2018\/09\/Vakantiestaling-pensionstalling-rijstal-de-blinkert-860x573.jpg\" alt=\"vakantiestalling pensionstalling rijstal de blinkert\" width=\"860\" height=\"573\" srcset=\"https:\/\/www.rijstaldeblinkert.nl\/wp-content\/uploads\/2018\/09\/Vakantiestaling-pensionstalling-rijstal-de-blinkert-860x573.jpg 860w, https:\/\/www.rijstaldeblinkert.nl\/wp-content\/uploads\/2018\/09\/Vakantiestaling-pensionstalling-rijstal-de-blinkert-413x275.jpg 413w, https:\/\/www.rijstaldeblinkert.nl\/wp-content\/uploads\/2018\/09\/Vakantiestaling-pensionstalling-rijstal-de-blinkert-768x512.jpg 768w, https:\/\/www.rijstaldeblinkert.nl\/wp-content\/uploads\/2018\/09\/Vakantiestaling-pensionstalling-rijstal-de-blinkert.jpg 900w\" sizes=\"auto, (max-width: 860px) 100vw, 860px\" \/><\/a><\/p>\n","protected":false},"excerpt":{"rendered":"<p>Wollen Sie Ihr eigenes Pferd und\/oder Pony mit nach Ameland nehmen? In den Sommermonaten bieten wir Pensionstallung an mit Beweidung und \/ oder Leihbox an.<\/p>\n","protected":false},"author":1,"featured_media":177,"parent":0,"menu_order":0,"comment_status":"closed","ping_status":"closed","template":"","meta":{"_exactmetrics_skip_tracking":false,"_exactmetrics_sitenote_active":false,"_exactmetrics_sitenote_note":"","_exactmetrics_sitenote_category":0,"footnotes":""},"class_list":["post-970","page","type-page","status-publish","has-post-thumbnail","czr-hentry"],"yoast_head":"<!-- This site is optimized with the Yoast SEO plugin v27.4 - https:\/\/yoast.com\/product\/yoast-seo-wordpress\/ -->\n<title>Mit eigenem Pferd nach Ameland? - Rijstal De Blinkert<\/title>\n<meta name=\"description\" content=\"M\u00f6chten Sie Ihr Pferd mit dem Wohnwagen zu dieser wundersch\u00f6nen Insel bringen? Reitstall de Blinkert bietet Unterkunft auf Ameland w\u00e4hrend der Ferienzeit.\" \/>\n<meta name=\"robots\" content=\"index, follow, max-snippet:-1, max-image-preview:large, max-video-preview:-1\" \/>\n<link rel=\"canonical\" href=\"https:\/\/www.rijstaldeblinkert.nl\/rijstal-de-blinkert\/de\/mit-dem-eigenen-pferd-nach-ameland\/\" \/>\n<meta property=\"og:locale\" content=\"nl_NL\" \/>\n<meta property=\"og:type\" content=\"article\" \/>\n<meta property=\"og:title\" content=\"Mit eigenem Pferd nach Ameland? - Rijstal De Blinkert\" \/>\n<meta property=\"og:description\" content=\"M\u00f6chten Sie Ihr Pferd mit dem Wohnwagen zu dieser wundersch\u00f6nen Insel bringen? Reitstall de Blinkert bietet Unterkunft auf Ameland w\u00e4hrend der Ferienzeit.\" \/>\n<meta property=\"og:url\" content=\"https:\/\/www.rijstaldeblinkert.nl\/rijstal-de-blinkert\/de\/mit-dem-eigenen-pferd-nach-ameland\/\" \/>\n<meta property=\"og:site_name\" content=\"Rijstal De Blinkert\" \/>\n<meta property=\"article:publisher\" content=\"https:\/\/www.facebook.com\/rijstaldeblinkert\/\" \/>\n<meta property=\"article:modified_time\" content=\"2020-09-14T13:27:18+00:00\" \/>\n<meta property=\"og:image\" content=\"https:\/\/www.rijstaldeblinkert.nl\/wp-content\/uploads\/2018\/09\/button-stalling.jpg\" \/>\n\t<meta property=\"og:image:width\" content=\"525\" \/>\n\t<meta property=\"og:image:height\" content=\"525\" \/>\n\t<meta property=\"og:image:type\" content=\"image\/jpeg\" \/>\n<meta name=\"twitter:card\" content=\"summary_large_image\" \/>\n<script type=\"application\/ld+json\" class=\"yoast-schema-graph\">{\"@context\":\"https:\\\/\\\/schema.org\",\"@graph\":[{\"@type\":\"WebPage\",\"@id\":\"https:\\\/\\\/www.rijstaldeblinkert.nl\\\/rijstal-de-blinkert\\\/de\\\/mit-dem-eigenen-pferd-nach-ameland\\\/\",\"url\":\"https:\\\/\\\/www.rijstaldeblinkert.nl\\\/rijstal-de-blinkert\\\/de\\\/mit-dem-eigenen-pferd-nach-ameland\\\/\",\"name\":\"Mit eigenem Pferd nach Ameland? - Rijstal De Blinkert\",\"isPartOf\":{\"@id\":\"https:\\\/\\\/www.rijstaldeblinkert.nl\\\/rijstal-de-blinkert\\\/#website\"},\"primaryImageOfPage\":{\"@id\":\"https:\\\/\\\/www.rijstaldeblinkert.nl\\\/rijstal-de-blinkert\\\/de\\\/mit-dem-eigenen-pferd-nach-ameland\\\/#primaryimage\"},\"image\":{\"@id\":\"https:\\\/\\\/www.rijstaldeblinkert.nl\\\/rijstal-de-blinkert\\\/de\\\/mit-dem-eigenen-pferd-nach-ameland\\\/#primaryimage\"},\"thumbnailUrl\":\"https:\\\/\\\/www.rijstaldeblinkert.nl\\\/wp-content\\\/uploads\\\/2018\\\/09\\\/button-stalling.jpg\",\"datePublished\":\"2019-09-14T16:38:48+00:00\",\"dateModified\":\"2020-09-14T13:27:18+00:00\",\"description\":\"M\u00f6chten Sie Ihr Pferd mit dem Wohnwagen zu dieser wundersch\u00f6nen Insel bringen? Reitstall de Blinkert bietet Unterkunft auf Ameland w\u00e4hrend der Ferienzeit.\",\"breadcrumb\":{\"@id\":\"https:\\\/\\\/www.rijstaldeblinkert.nl\\\/rijstal-de-blinkert\\\/de\\\/mit-dem-eigenen-pferd-nach-ameland\\\/#breadcrumb\"},\"inLanguage\":\"nl-NL\",\"potentialAction\":[{\"@type\":\"ReadAction\",\"target\":[\"https:\\\/\\\/www.rijstaldeblinkert.nl\\\/rijstal-de-blinkert\\\/de\\\/mit-dem-eigenen-pferd-nach-ameland\\\/\"]}]},{\"@type\":\"ImageObject\",\"inLanguage\":\"nl-NL\",\"@id\":\"https:\\\/\\\/www.rijstaldeblinkert.nl\\\/rijstal-de-blinkert\\\/de\\\/mit-dem-eigenen-pferd-nach-ameland\\\/#primaryimage\",\"url\":\"https:\\\/\\\/www.rijstaldeblinkert.nl\\\/wp-content\\\/uploads\\\/2018\\\/09\\\/button-stalling.jpg\",\"contentUrl\":\"https:\\\/\\\/www.rijstaldeblinkert.nl\\\/wp-content\\\/uploads\\\/2018\\\/09\\\/button-stalling.jpg\",\"width\":525,\"height\":525},{\"@type\":\"BreadcrumbList\",\"@id\":\"https:\\\/\\\/www.rijstaldeblinkert.nl\\\/rijstal-de-blinkert\\\/de\\\/mit-dem-eigenen-pferd-nach-ameland\\\/#breadcrumb\",\"itemListElement\":[{\"@type\":\"ListItem\",\"position\":1,\"name\":\"Home\",\"item\":\"https:\\\/\\\/www.rijstaldeblinkert.nl\\\/rijstal-de-blinkert\\\/\"},{\"@type\":\"ListItem\",\"position\":2,\"name\":\"Mit eigenem Pferd nach Ameland?\"}]},{\"@type\":\"WebSite\",\"@id\":\"https:\\\/\\\/www.rijstaldeblinkert.nl\\\/rijstal-de-blinkert\\\/#website\",\"url\":\"https:\\\/\\\/www.rijstaldeblinkert.nl\\\/rijstal-de-blinkert\\\/\",\"name\":\"Rijstal De Blinkert\",\"description\":\"Strandritten | Vakantiestalling\",\"publisher\":{\"@id\":\"https:\\\/\\\/www.rijstaldeblinkert.nl\\\/rijstal-de-blinkert\\\/#organization\"},\"potentialAction\":[{\"@type\":\"SearchAction\",\"target\":{\"@type\":\"EntryPoint\",\"urlTemplate\":\"https:\\\/\\\/www.rijstaldeblinkert.nl\\\/rijstal-de-blinkert\\\/?s={search_term_string}\"},\"query-input\":{\"@type\":\"PropertyValueSpecification\",\"valueRequired\":true,\"valueName\":\"search_term_string\"}}],\"inLanguage\":\"nl-NL\"},{\"@type\":\"Organization\",\"@id\":\"https:\\\/\\\/www.rijstaldeblinkert.nl\\\/rijstal-de-blinkert\\\/#organization\",\"name\":\"Rijstal De Blinkert\",\"url\":\"https:\\\/\\\/www.rijstaldeblinkert.nl\\\/rijstal-de-blinkert\\\/\",\"logo\":{\"@type\":\"ImageObject\",\"inLanguage\":\"nl-NL\",\"@id\":\"https:\\\/\\\/www.rijstaldeblinkert.nl\\\/rijstal-de-blinkert\\\/#\\\/schema\\\/logo\\\/image\\\/\",\"url\":\"https:\\\/\\\/www.rijstaldeblinkert.nl\\\/wp-content\\\/uploads\\\/2018\\\/09\\\/Rijstal-De-Blinkert-Ameland-Logo.jpg\",\"contentUrl\":\"https:\\\/\\\/www.rijstaldeblinkert.nl\\\/wp-content\\\/uploads\\\/2018\\\/09\\\/Rijstal-De-Blinkert-Ameland-Logo.jpg\",\"width\":600,\"height\":600,\"caption\":\"Rijstal De Blinkert\"},\"image\":{\"@id\":\"https:\\\/\\\/www.rijstaldeblinkert.nl\\\/rijstal-de-blinkert\\\/#\\\/schema\\\/logo\\\/image\\\/\"},\"sameAs\":[\"https:\\\/\\\/www.facebook.com\\\/rijstaldeblinkert\\\/\",\"https:\\\/\\\/www.instagram.com\\\/rijstaldeblinkert\\\/\"]}]}<\/script>\n<!-- \/ Yoast SEO plugin. -->","yoast_head_json":{"title":"Mit eigenem Pferd nach Ameland? - Rijstal De Blinkert","description":"M\u00f6chten Sie Ihr Pferd mit dem Wohnwagen zu dieser wundersch\u00f6nen Insel bringen? Reitstall de Blinkert bietet Unterkunft auf Ameland w\u00e4hrend der Ferienzeit.","robots":{"index":"index","follow":"follow","max-snippet":"max-snippet:-1","max-image-preview":"max-image-preview:large","max-video-preview":"max-video-preview:-1"},"canonical":"https:\/\/www.rijstaldeblinkert.nl\/rijstal-de-blinkert\/de\/mit-dem-eigenen-pferd-nach-ameland\/","og_locale":"nl_NL","og_type":"article","og_title":"Mit eigenem Pferd nach Ameland? - Rijstal De Blinkert","og_description":"M\u00f6chten Sie Ihr Pferd mit dem Wohnwagen zu dieser wundersch\u00f6nen Insel bringen? Reitstall de Blinkert bietet Unterkunft auf Ameland w\u00e4hrend der Ferienzeit.","og_url":"https:\/\/www.rijstaldeblinkert.nl\/rijstal-de-blinkert\/de\/mit-dem-eigenen-pferd-nach-ameland\/","og_site_name":"Rijstal De Blinkert","article_publisher":"https:\/\/www.facebook.com\/rijstaldeblinkert\/","article_modified_time":"2020-09-14T13:27:18+00:00","og_image":[{"width":525,"height":525,"url":"https:\/\/www.rijstaldeblinkert.nl\/wp-content\/uploads\/2018\/09\/button-stalling.jpg","type":"image\/jpeg"}],"twitter_card":"summary_large_image","schema":{"@context":"https:\/\/schema.org","@graph":[{"@type":"WebPage","@id":"https:\/\/www.rijstaldeblinkert.nl\/rijstal-de-blinkert\/de\/mit-dem-eigenen-pferd-nach-ameland\/","url":"https:\/\/www.rijstaldeblinkert.nl\/rijstal-de-blinkert\/de\/mit-dem-eigenen-pferd-nach-ameland\/","name":"Mit eigenem Pferd nach Ameland? - Rijstal De Blinkert","isPartOf":{"@id":"https:\/\/www.rijstaldeblinkert.nl\/rijstal-de-blinkert\/#website"},"primaryImageOfPage":{"@id":"https:\/\/www.rijstaldeblinkert.nl\/rijstal-de-blinkert\/de\/mit-dem-eigenen-pferd-nach-ameland\/#primaryimage"},"image":{"@id":"https:\/\/www.rijstaldeblinkert.nl\/rijstal-de-blinkert\/de\/mit-dem-eigenen-pferd-nach-ameland\/#primaryimage"},"thumbnailUrl":"https:\/\/www.rijstaldeblinkert.nl\/wp-content\/uploads\/2018\/09\/button-stalling.jpg","datePublished":"2019-09-14T16:38:48+00:00","dateModified":"2020-09-14T13:27:18+00:00","description":"M\u00f6chten Sie Ihr Pferd mit dem Wohnwagen zu dieser wundersch\u00f6nen Insel bringen? Reitstall de Blinkert bietet Unterkunft auf Ameland w\u00e4hrend der Ferienzeit.","breadcrumb":{"@id":"https:\/\/www.rijstaldeblinkert.nl\/rijstal-de-blinkert\/de\/mit-dem-eigenen-pferd-nach-ameland\/#breadcrumb"},"inLanguage":"nl-NL","potentialAction":[{"@type":"ReadAction","target":["https:\/\/www.rijstaldeblinkert.nl\/rijstal-de-blinkert\/de\/mit-dem-eigenen-pferd-nach-ameland\/"]}]},{"@type":"ImageObject","inLanguage":"nl-NL","@id":"https:\/\/www.rijstaldeblinkert.nl\/rijstal-de-blinkert\/de\/mit-dem-eigenen-pferd-nach-ameland\/#primaryimage","url":"https:\/\/www.rijstaldeblinkert.nl\/wp-content\/uploads\/2018\/09\/button-stalling.jpg","contentUrl":"https:\/\/www.rijstaldeblinkert.nl\/wp-content\/uploads\/2018\/09\/button-stalling.jpg","width":525,"height":525},{"@type":"BreadcrumbList","@id":"https:\/\/www.rijstaldeblinkert.nl\/rijstal-de-blinkert\/de\/mit-dem-eigenen-pferd-nach-ameland\/#breadcrumb","itemListElement":[{"@type":"ListItem","position":1,"name":"Home","item":"https:\/\/www.rijstaldeblinkert.nl\/rijstal-de-blinkert\/"},{"@type":"ListItem","position":2,"name":"Mit eigenem Pferd nach Ameland?"}]},{"@type":"WebSite","@id":"https:\/\/www.rijstaldeblinkert.nl\/rijstal-de-blinkert\/#website","url":"https:\/\/www.rijstaldeblinkert.nl\/rijstal-de-blinkert\/","name":"Rijstal De Blinkert","description":"Strandritten | Vakantiestalling","publisher":{"@id":"https:\/\/www.rijstaldeblinkert.nl\/rijstal-de-blinkert\/#organization"},"potentialAction":[{"@type":"SearchAction","target":{"@type":"EntryPoint","urlTemplate":"https:\/\/www.rijstaldeblinkert.nl\/rijstal-de-blinkert\/?s={search_term_string}"},"query-input":{"@type":"PropertyValueSpecification","valueRequired":true,"valueName":"search_term_string"}}],"inLanguage":"nl-NL"},{"@type":"Organization","@id":"https:\/\/www.rijstaldeblinkert.nl\/rijstal-de-blinkert\/#organization","name":"Rijstal De Blinkert","url":"https:\/\/www.rijstaldeblinkert.nl\/rijstal-de-blinkert\/","logo":{"@type":"ImageObject","inLanguage":"nl-NL","@id":"https:\/\/www.rijstaldeblinkert.nl\/rijstal-de-blinkert\/#\/schema\/logo\/image\/","url":"https:\/\/www.rijstaldeblinkert.nl\/wp-content\/uploads\/2018\/09\/Rijstal-De-Blinkert-Ameland-Logo.jpg","contentUrl":"https:\/\/www.rijstaldeblinkert.nl\/wp-content\/uploads\/2018\/09\/Rijstal-De-Blinkert-Ameland-Logo.jpg","width":600,"height":600,"caption":"Rijstal De Blinkert"},"image":{"@id":"https:\/\/www.rijstaldeblinkert.nl\/rijstal-de-blinkert\/#\/schema\/logo\/image\/"},"sameAs":["https:\/\/www.facebook.com\/rijstaldeblinkert\/","https:\/\/www.instagram.com\/rijstaldeblinkert\/"]}]}},"_links":{"self":[{"href":"https:\/\/www.rijstaldeblinkert.nl\/rijstal-de-blinkert\/wp-json\/wp\/v2\/pages\/970","targetHints":{"allow":["GET"]}}],"collection":[{"href":"https:\/\/www.rijstaldeblinkert.nl\/rijstal-de-blinkert\/wp-json\/wp\/v2\/pages"}],"about":[{"href":"https:\/\/www.rijstaldeblinkert.nl\/rijstal-de-blinkert\/wp-json\/wp\/v2\/types\/page"}],"author":[{"embeddable":true,"href":"https:\/\/www.rijstaldeblinkert.nl\/rijstal-de-blinkert\/wp-json\/wp\/v2\/users\/1"}],"replies":[{"embeddable":true,"href":"https:\/\/www.rijstaldeblinkert.nl\/rijstal-de-blinkert\/wp-json\/wp\/v2\/comments?post=970"}],"version-history":[{"count":9,"href":"https:\/\/www.rijstaldeblinkert.nl\/rijstal-de-blinkert\/wp-json\/wp\/v2\/pages\/970\/revisions"}],"predecessor-version":[{"id":1380,"href":"https:\/\/www.rijstaldeblinkert.nl\/rijstal-de-blinkert\/wp-json\/wp\/v2\/pages\/970\/revisions\/1380"}],"wp:featuredmedia":[{"embeddable":true,"href":"https:\/\/www.rijstaldeblinkert.nl\/rijstal-de-blinkert\/wp-json\/wp\/v2\/media\/177"}],"wp:attachment":[{"href":"https:\/\/www.rijstaldeblinkert.nl\/rijstal-de-blinkert\/wp-json\/wp\/v2\/media?parent=970"}],"curies":[{"name":"wp","href":"https:\/\/api.w.org\/{rel}","templated":true}]}}